{"id":946,"date":"2023-12-10T13:11:37","date_gmt":"2023-12-10T11:11:37","guid":{"rendered":"https:\/\/eddiekarlsson.axxelldatanom.site\/eddiekarlsson\/TrailFun\/event\/lumikenkaily-ja-lounas-nuotion-aarella-jos-on-lunta\/"},"modified":"2024-11-11T14:08:30","modified_gmt":"2024-11-11T12:08:30","slug":"lumikenkaily-ja-lounas-nuotion-aarella-jos-on-lunta","status":"publish","type":"tribe_events","link":"https:\/\/trailfun.fi\/fi\/retki\/lumikenkaily-ja-lounas-nuotion-aarella-jos-on-lunta\/","title":{"rendered":"Lumikenk\u00e4k\u00e4vely ja lounas tulen \u00e4\u00e4rell\u00e4  8.3.2025"},"content":{"rendered":"<p>Aloitamme Karjaan Lepist\u00e4, L\u00e4pp, ja k\u00e4velemme alas Lepinj\u00e4rvelle ja sit\u00e4 pitkin jonkun matkaa mist\u00e4 menemme tulipaikalle. Siell\u00e4 sytyt\u00e4mme tulet ja valmistamme keittolounaan leivill\u00e4 sek\u00e4 j\u00e4lkiruokaa. Kun olemme sy\u00f6neet menemme\u00a0 hieman <span style=\"font-size: 16px; font-style: normal; font-weight: 400;\">eri<\/span><span style=\"font-size: 16px;\">\u00a0 reitti\u00e4 takaisin. Yhteens\u00e4\u00a0 k\u00e4velemme vajaat 5 km.<\/span><\/p>\n<p><strong>Kesto<\/strong>: n. 4 h<\/p>\n<p><strong>Vaikeustaso<\/strong>: Keskivaativa<\/p>\n<p><strong>Opastuskieli<\/strong>: Suomi, ruotsi, englanti<\/p>\n<p><strong>Ryhm\u00e4koko<\/strong>: 5-10<\/p>\n<p><strong>Hintaan sis\u00e4ltyy<\/strong>: Opas, lumikenkien vuokra, keittolounas vastapaistetulla leivill\u00e4 ja\u00a0 j\u00e4lkiruokaa, pannukahvia, teet\u00e4 tai l\u00e4mmint\u00e4 mehua.<\/p>\n<p><strong>Tarvittavat varusteet<\/strong>: Reppu omille tavaroille, tukevat varrelliset keng\u00e4t, vesipullo,\u00a0 vaatteet s\u00e4\u00e4n mukaan, istumaalusta.<\/p>\n<p><strong>Hinta<\/strong>: 50 \u20ac\/hl\u00f6<\/p>\n<p>&nbsp;<\/p>\n<p>Ilmoittaudu\u00a0 \u00a0<a href=\"mailto:regina.kalenius@gmail.com\">regina@trailfun.fi<\/a>\u00a0tai tekstiviestill\u00e4 tai puhelulla \u00a0\u00a0044 9893531.<\/p>\n<p>Viimeinen ilmoittautuminen 28.2.2025<\/p>\n<p>&nbsp;<\/p>\n","protected":false},"excerpt":{"rendered":"<p>Aloitamme Karjaan Lepist\u00e4, L\u00e4pp, ja k\u00e4velemme alas Lepinj\u00e4rvelle ja sit\u00e4 pitkin jonkun matkaa mist\u00e4 menemme tulipaikalle. Siell\u00e4 sytyt\u00e4mme tulet ja valmistamme keittolounaan leivill\u00e4 sek\u00e4 j\u00e4lkiruokaa. Kun olemme sy\u00f6neet menemme\u00a0 hieman [&hellip;]<\/p>\n","protected":false},"author":7,"featured_media":934,"template":"","meta":{"_uag_custom_page_level_css":"","site-sidebar-layout":"default","site-content-layout":"","ast-site-content-layout":"default","site-content-style":"default","site-sidebar-style":"default","ast-global-header-display":"","ast-banner-title-visibility":"","ast-main-header-display":"","ast-hfb-above-header-display":"","ast-hfb-below-header-display":"","ast-hfb-mobile-header-display":"","site-post-title":"","ast-breadcrumbs-content":"","ast-featured-img":"","footer-sml-layout":"","ast-disable-related-posts":"","theme-transparent-header-meta":"default","adv-header-id-meta":"","stick-header-meta":"default","header-above-stick-meta":"","header-main-stick-meta":"","header-below-stick-meta":"","astra-migrate-meta-layouts":"set","ast-page-background-enabled":"default","ast-page-background-meta":{"desktop":{"background-color":"var(--ast-global-color-4)","background-image":"","background-repeat":"repeat","background-position":"center center","background-size":"auto","background-attachment":"scroll","background-type":"","background-media":"","overlay-type":"","overlay-color":"","overlay-opacity":"","overlay-gradient":""},"tablet":{"background-color":"","background-image":"","background-repeat":"repeat","background-position":"center center","background-size":"auto","background-attachment":"scroll","background-type":"","background-media":"","overlay-type":"","overlay-color":"","overlay-opacity":"","overlay-gradient":""},"mobile":{"background-color":"","background-image":"","background-repeat":"repeat","background-position":"center center","background-size":"auto","background-attachment":"scroll","background-type":"","background-media":"","overlay-type":"","overlay-color":"","overlay-opacity":"","overlay-gradient":""}},"ast-content-background-meta":{"desktop":{"background-color":"var(--ast-global-color-5)","background-image":"","background-repeat":"repeat","background-position":"center center","background-size":"auto","background-attachment":"scroll","background-type":"","background-media":"","overlay-type":"","overlay-color":"","overlay-opacity":"","overlay-gradient":""},"tablet":{"background-color":"var(--ast-global-color-5)","background-image":"","background-repeat":"repeat","background-position":"center center","background-size":"auto","background-attachment":"scroll","background-type":"","background-media":"","overlay-type":"","overlay-color":"","overlay-opacity":"","overlay-gradient":""},"mobile":{"background-color":"var(--ast-global-color-5)","background-image":"","background-repeat":"repeat","background-position":"center center","background-size":"auto","background-attachment":"scroll","background-type":"","background-media":"","overlay-type":"","overlay-color":"","overlay-opacity":"","overlay-gradient":""}},"_tribe_events_status":"","_tribe_events_status_reason":"","footnotes":""},"tags":[],"tribe_events_cat":[],"class_list":["post-946","tribe_events","type-tribe_events","status-publish","has-post-thumbnail","hentry"],"yoast_head":"<!-- This site is optimized with the Yoast SEO plugin v26.6 - https:\/\/yoast.com\/wordpress\/plugins\/seo\/ -->\n<title>Lumikenk\u00e4k\u00e4vely ja lounas tulen \u00e4\u00e4rell\u00e4 8.3.2025 - TrailFun<\/title>\n<meta name=\"robots\" content=\"index, follow, max-snippet:-1, max-image-preview:large, max-video-preview:-1\" \/>\n<link rel=\"canonical\" href=\"https:\/\/trailfun.fi\/fi\/retki\/lumikenkaily-ja-lounas-nuotion-aarella-jos-on-lunta\/\" \/>\n<meta property=\"og:locale\" content=\"fi_FI\" \/>\n<meta property=\"og:type\" content=\"article\" \/>\n<meta property=\"og:title\" content=\"Lumikenk\u00e4k\u00e4vely ja lounas tulen \u00e4\u00e4rell\u00e4 8.3.2025 - TrailFun\" \/>\n<meta property=\"og:description\" content=\"Aloitamme Karjaan Lepist\u00e4, L\u00e4pp, ja k\u00e4velemme alas Lepinj\u00e4rvelle ja sit\u00e4 pitkin jonkun matkaa mist\u00e4 menemme tulipaikalle. Siell\u00e4 sytyt\u00e4mme tulet ja valmistamme keittolounaan leivill\u00e4 sek\u00e4 j\u00e4lkiruokaa. Kun olemme sy\u00f6neet menemme\u00a0 hieman [&hellip;]\" \/>\n<meta property=\"og:url\" content=\"https:\/\/trailfun.fi\/fi\/retki\/lumikenkaily-ja-lounas-nuotion-aarella-jos-on-lunta\/\" \/>\n<meta property=\"og:site_name\" content=\"TrailFun\" \/>\n<meta property=\"article:modified_time\" content=\"2024-11-11T12:08:30+00:00\" \/>\n<meta property=\"og:image\" content=\"https:\/\/trailfun.fi\/wp-content\/uploads\/2023\/12\/Snoskovandring-20-2-scaled.jpg\" \/>\n\t<meta property=\"og:image:width\" content=\"2560\" \/>\n\t<meta property=\"og:image:height\" content=\"1920\" \/>\n\t<meta property=\"og:image:type\" content=\"image\/jpeg\" \/>\n<meta name=\"twitter:card\" content=\"summary_large_image\" \/>\n<meta name=\"twitter:label1\" content=\"Arvioitu lukuaika\" \/>\n\t<meta name=\"twitter:data1\" content=\"1 minuutti\" \/>\n<script type=\"application\/ld+json\" class=\"yoast-schema-graph\">{\"@context\":\"https:\/\/schema.org\",\"@graph\":[{\"@type\":\"WebPage\",\"@id\":\"https:\/\/trailfun.fi\/fi\/retki\/lumikenkaily-ja-lounas-nuotion-aarella-jos-on-lunta\/\",\"url\":\"https:\/\/trailfun.fi\/fi\/retki\/lumikenkaily-ja-lounas-nuotion-aarella-jos-on-lunta\/\",\"name\":\"Lumikenk\u00e4k\u00e4vely ja lounas tulen \u00e4\u00e4rell\u00e4 8.3.2025 - TrailFun\",\"isPartOf\":{\"@id\":\"https:\/\/trailfun.fi\/fi\/#website\"},\"primaryImageOfPage\":{\"@id\":\"https:\/\/trailfun.fi\/fi\/retki\/lumikenkaily-ja-lounas-nuotion-aarella-jos-on-lunta\/#primaryimage\"},\"image\":{\"@id\":\"https:\/\/trailfun.fi\/fi\/retki\/lumikenkaily-ja-lounas-nuotion-aarella-jos-on-lunta\/#primaryimage\"},\"thumbnailUrl\":\"https:\/\/trailfun.fi\/wp-content\/uploads\/2023\/12\/Snoskovandring-20-2-scaled.jpg\",\"datePublished\":\"2023-12-10T11:11:37+00:00\",\"dateModified\":\"2024-11-11T12:08:30+00:00\",\"breadcrumb\":{\"@id\":\"https:\/\/trailfun.fi\/fi\/retki\/lumikenkaily-ja-lounas-nuotion-aarella-jos-on-lunta\/#breadcrumb\"},\"inLanguage\":\"fi\",\"potentialAction\":[{\"@type\":\"ReadAction\",\"target\":[\"https:\/\/trailfun.fi\/fi\/retki\/lumikenkaily-ja-lounas-nuotion-aarella-jos-on-lunta\/\"]}]},{\"@type\":\"ImageObject\",\"inLanguage\":\"fi\",\"@id\":\"https:\/\/trailfun.fi\/fi\/retki\/lumikenkaily-ja-lounas-nuotion-aarella-jos-on-lunta\/#primaryimage\",\"url\":\"https:\/\/trailfun.fi\/wp-content\/uploads\/2023\/12\/Snoskovandring-20-2-scaled.jpg\",\"contentUrl\":\"https:\/\/trailfun.fi\/wp-content\/uploads\/2023\/12\/Snoskovandring-20-2-scaled.jpg\",\"width\":2560,\"height\":1920},{\"@type\":\"BreadcrumbList\",\"@id\":\"https:\/\/trailfun.fi\/fi\/retki\/lumikenkaily-ja-lounas-nuotion-aarella-jos-on-lunta\/#breadcrumb\",\"itemListElement\":[{\"@type\":\"ListItem\",\"position\":1,\"name\":\"Home\",\"item\":\"https:\/\/trailfun.fi\/fi\/\"},{\"@type\":\"ListItem\",\"position\":2,\"name\":\"Tapahtumat\",\"item\":\"https:\/\/trailfun.fi\/fi\/events\/\"},{\"@type\":\"ListItem\",\"position\":3,\"name\":\"Lumikenk\u00e4k\u00e4vely ja lounas tulen \u00e4\u00e4rell\u00e4 8.3.2025\"}]},{\"@type\":\"WebSite\",\"@id\":\"https:\/\/trailfun.fi\/fi\/#website\",\"url\":\"https:\/\/trailfun.fi\/fi\/\",\"name\":\"TRAILFUN\",\"description\":\"\",\"potentialAction\":[{\"@type\":\"SearchAction\",\"target\":{\"@type\":\"EntryPoint\",\"urlTemplate\":\"https:\/\/trailfun.fi\/fi\/?s={search_term_string}\"},\"query-input\":{\"@type\":\"PropertyValueSpecification\",\"valueRequired\":true,\"valueName\":\"search_term_string\"}}],\"inLanguage\":\"fi\"}]}<\/script>\n<!-- \/ Yoast SEO plugin. -->","yoast_head_json":{"title":"Lumikenk\u00e4k\u00e4vely ja lounas tulen \u00e4\u00e4rell\u00e4 8.3.2025 - TrailFun","robots":{"index":"index","follow":"follow","max-snippet":"max-snippet:-1","max-image-preview":"max-image-preview:large","max-video-preview":"max-video-preview:-1"},"canonical":"https:\/\/trailfun.fi\/fi\/retki\/lumikenkaily-ja-lounas-nuotion-aarella-jos-on-lunta\/","og_locale":"fi_FI","og_type":"article","og_title":"Lumikenk\u00e4k\u00e4vely ja lounas tulen \u00e4\u00e4rell\u00e4 8.3.2025 - TrailFun","og_description":"Aloitamme Karjaan Lepist\u00e4, L\u00e4pp, ja k\u00e4velemme alas Lepinj\u00e4rvelle ja sit\u00e4 pitkin jonkun matkaa mist\u00e4 menemme tulipaikalle. Siell\u00e4 sytyt\u00e4mme tulet ja valmistamme keittolounaan leivill\u00e4 sek\u00e4 j\u00e4lkiruokaa. Kun olemme sy\u00f6neet menemme\u00a0 hieman [&hellip;]","og_url":"https:\/\/trailfun.fi\/fi\/retki\/lumikenkaily-ja-lounas-nuotion-aarella-jos-on-lunta\/","og_site_name":"TrailFun","article_modified_time":"2024-11-11T12:08:30+00:00","og_image":[{"width":2560,"height":1920,"url":"https:\/\/trailfun.fi\/wp-content\/uploads\/2023\/12\/Snoskovandring-20-2-scaled.jpg","type":"image\/jpeg"}],"twitter_card":"summary_large_image","twitter_misc":{"Arvioitu lukuaika":"1 minuutti"},"schema":{"@context":"https:\/\/schema.org","@graph":[{"@type":"WebPage","@id":"https:\/\/trailfun.fi\/fi\/retki\/lumikenkaily-ja-lounas-nuotion-aarella-jos-on-lunta\/","url":"https:\/\/trailfun.fi\/fi\/retki\/lumikenkaily-ja-lounas-nuotion-aarella-jos-on-lunta\/","name":"Lumikenk\u00e4k\u00e4vely ja lounas tulen \u00e4\u00e4rell\u00e4 8.3.2025 - TrailFun","isPartOf":{"@id":"https:\/\/trailfun.fi\/fi\/#website"},"primaryImageOfPage":{"@id":"https:\/\/trailfun.fi\/fi\/retki\/lumikenkaily-ja-lounas-nuotion-aarella-jos-on-lunta\/#primaryimage"},"image":{"@id":"https:\/\/trailfun.fi\/fi\/retki\/lumikenkaily-ja-lounas-nuotion-aarella-jos-on-lunta\/#primaryimage"},"thumbnailUrl":"https:\/\/trailfun.fi\/wp-content\/uploads\/2023\/12\/Snoskovandring-20-2-scaled.jpg","datePublished":"2023-12-10T11:11:37+00:00","dateModified":"2024-11-11T12:08:30+00:00","breadcrumb":{"@id":"https:\/\/trailfun.fi\/fi\/retki\/lumikenkaily-ja-lounas-nuotion-aarella-jos-on-lunta\/#breadcrumb"},"inLanguage":"fi","potentialAction":[{"@type":"ReadAction","target":["https:\/\/trailfun.fi\/fi\/retki\/lumikenkaily-ja-lounas-nuotion-aarella-jos-on-lunta\/"]}]},{"@type":"ImageObject","inLanguage":"fi","@id":"https:\/\/trailfun.fi\/fi\/retki\/lumikenkaily-ja-lounas-nuotion-aarella-jos-on-lunta\/#primaryimage","url":"https:\/\/trailfun.fi\/wp-content\/uploads\/2023\/12\/Snoskovandring-20-2-scaled.jpg","contentUrl":"https:\/\/trailfun.fi\/wp-content\/uploads\/2023\/12\/Snoskovandring-20-2-scaled.jpg","width":2560,"height":1920},{"@type":"BreadcrumbList","@id":"https:\/\/trailfun.fi\/fi\/retki\/lumikenkaily-ja-lounas-nuotion-aarella-jos-on-lunta\/#breadcrumb","itemListElement":[{"@type":"ListItem","position":1,"name":"Home","item":"https:\/\/trailfun.fi\/fi\/"},{"@type":"ListItem","position":2,"name":"Tapahtumat","item":"https:\/\/trailfun.fi\/fi\/events\/"},{"@type":"ListItem","position":3,"name":"Lumikenk\u00e4k\u00e4vely ja lounas tulen \u00e4\u00e4rell\u00e4 8.3.2025"}]},{"@type":"WebSite","@id":"https:\/\/trailfun.fi\/fi\/#website","url":"https:\/\/trailfun.fi\/fi\/","name":"TRAILFUN","description":"","potentialAction":[{"@type":"SearchAction","target":{"@type":"EntryPoint","urlTemplate":"https:\/\/trailfun.fi\/fi\/?s={search_term_string}"},"query-input":{"@type":"PropertyValueSpecification","valueRequired":true,"valueName":"search_term_string"}}],"inLanguage":"fi"}]}},"spectra_custom_meta":{"_EventOrigin":["events-calendar"],"_tribe_modified_fields":["a:40:{s:12:\"_EventOrigin\";i:1702219182;s:17:\"_EventShowMapLink\";i:1731334110;s:13:\"_EventShowMap\";i:1731334110;s:15:\"_EventStartDate\";i:1731334076;s:13:\"_EventEndDate\";i:1731334076;s:18:\"_EventStartDateUTC\";i:1731334076;s:16:\"_EventEndDateUTC\";i:1731334076;s:14:\"_EventDuration\";i:1702219182;s:14:\"_EventTimezone\";i:1702219182;s:18:\"_EventTimezoneAbbr\";i:1702219182;s:17:\"stick-header-meta\";i:1702219182;s:19:\"site-sidebar-layout\";i:1702219182;s:29:\"theme-transparent-header-meta\";i:1702219182;s:17:\"_top_nav_excluded\";i:1702219182;s:17:\"_cms_nav_minihome\";i:1702219182;s:20:\"_EventCurrencySymbol\";i:1703113805;s:10:\"_EventCost\";i:1703113805;s:13:\"_thumbnail_id\";i:1702219182;s:16:\"_uag_page_assets\";i:1777732823;s:16:\"_wpml_word_count\";i:1702221153;s:18:\"_uag_css_file_name\";i:1777732823;s:12:\"post_content\";i:1731334110;s:27:\"_last_translation_edit_mode\";i:1704456280;s:10:\"post_title\";i:1731334110;s:19:\"_cmplz_scanned_post\";i:1703253356;s:10:\"_edit_last\";i:1704456278;s:23:\"cmplz_hide_cookiebanner\";i:1704456279;s:26:\"astra-migrate-meta-layouts\";i:1731334110;s:23:\"ast-site-content-layout\";i:1704456279;s:18:\"site-content-style\";i:1704456279;s:18:\"site-sidebar-style\";i:1704456279;s:18:\"_EventCurrencyCode\";i:1704456280;s:22:\"_EventCurrencyPosition\";i:1704456280;s:9:\"_EventURL\";i:1704456280;s:21:\"_wpml_media_duplicate\";i:1704456280;s:20:\"_wpml_media_featured\";i:1704456280;s:37:\"_yoast_wpseo_primary_tribe_events_cat\";i:1704456280;s:26:\"_yoast_wpseo_content_score\";i:1704456280;s:43:\"_yoast_wpseo_estimated-reading-time-minutes\";i:1704456280;s:32:\"_yoast_wpseo_wordproof_timestamp\";i:1704456280;}"],"_EventShowMapLink":["1"],"_EventShowMap":["1"],"_EventDuration":["16200"],"_EventTimezone":["UTC+2"],"_EventTimezoneAbbr":["UTC+2"],"stick-header-meta":["default"],"site-sidebar-layout":["default"],"theme-transparent-header-meta":["default"],"_top_nav_excluded":[""],"_cms_nav_minihome":[""],"_thumbnail_id":["934"],"_wpml_word_count":["{\"total\":125,\"to_translate\":{\"sv\":125}}"],"_last_translation_edit_mode":["native-editor"],"_EventCurrencySymbol":[""],"_EventCost":["50"],"_edit_lock":["1731327596:6"],"_cmplz_scanned_post":["1"],"_edit_last":["6"],"cmplz_hide_cookiebanner":[""],"ast-site-content-layout":["default"],"site-content-style":["default"],"site-sidebar-style":["default"],"_EventCurrencyCode":[""],"_EventCurrencyPosition":["suffix"],"_EventURL":[""],"_wpml_media_duplicate":["1"],"_wpml_media_featured":["1"],"_yoast_wpseo_primary_tribe_events_cat":[""],"_yoast_wpseo_content_score":["90"],"_yoast_wpseo_estimated-reading-time-minutes":["1"],"_yoast_wpseo_wordproof_timestamp":[""],"_EventStartDate":["2025-03-08 10:00:00"],"_EventEndDate":["2025-03-08 14:30:00"],"_EventStartDateUTC":["2025-03-08 08:00:00"],"_EventEndDateUTC":["2025-03-08 12:30:00"],"astra-migrate-meta-layouts":["set"],"_uag_page_assets":["a:9:{s:3:\"css\";s:263:\".uag-blocks-common-selector{z-index:var(--z-index-desktop) !important}@media (max-width: 976px){.uag-blocks-common-selector{z-index:var(--z-index-tablet) !important}}@media (max-width: 767px){.uag-blocks-common-selector{z-index:var(--z-index-mobile) !important}}\n\";s:2:\"js\";s:0:\"\";s:18:\"current_block_list\";a:8:{i:0;s:11:\"core\/search\";i:1;s:10:\"core\/group\";i:2;s:12:\"core\/heading\";i:3;s:17:\"core\/latest-posts\";i:4;s:20:\"core\/latest-comments\";i:5;s:13:\"core\/archives\";i:6;s:15:\"core\/categories\";i:7;s:14:\"core\/paragraph\";}s:8:\"uag_flag\";b:0;s:11:\"uag_version\";s:10:\"1777721971\";s:6:\"gfonts\";a:0:{}s:10:\"gfonts_url\";s:0:\"\";s:12:\"gfonts_files\";a:0:{}s:14:\"uag_faq_layout\";b:0;}"],"_uag_css_file_name":["uag-css-946.css"]},"uagb_featured_image_src":{"full":["https:\/\/trailfun.fi\/wp-content\/uploads\/2023\/12\/Snoskovandring-20-2-scaled.jpg",2560,1920,false],"thumbnail":["https:\/\/trailfun.fi\/wp-content\/uploads\/2023\/12\/Snoskovandring-20-2-150x150.jpg",150,150,true],"medium":["https:\/\/trailfun.fi\/wp-content\/uploads\/2023\/12\/Snoskovandring-20-2-300x225.jpg",300,225,true],"medium_large":["https:\/\/trailfun.fi\/wp-content\/uploads\/2023\/12\/Snoskovandring-20-2-768x576.jpg",768,576,true],"large":["https:\/\/trailfun.fi\/wp-content\/uploads\/2023\/12\/Snoskovandring-20-2-1024x768.jpg",1024,768,true],"1536x1536":["https:\/\/trailfun.fi\/wp-content\/uploads\/2023\/12\/Snoskovandring-20-2-1536x1152.jpg",1536,1152,true],"2048x2048":["https:\/\/trailfun.fi\/wp-content\/uploads\/2023\/12\/Snoskovandring-20-2-2048x1536.jpg",2048,1536,true]},"uagb_author_info":{"display_name":"trailfun-admin","author_link":"https:\/\/trailfun.fi\/fi\/author\/trailfun-admin\/"},"uagb_comment_info":0,"uagb_excerpt":"Aloitamme Karjaan Lepist\u00e4, L\u00e4pp, ja k\u00e4velemme alas Lepinj\u00e4rvelle ja sit\u00e4 pitkin jonkun matkaa mist\u00e4 menemme tulipaikalle. Siell\u00e4 sytyt\u00e4mme tulet ja valmistamme keittolounaan leivill\u00e4 sek\u00e4 j\u00e4lkiruokaa. Kun olemme sy\u00f6neet menemme\u00a0 hieman [&hellip;]","_links":{"self":[{"href":"https:\/\/trailfun.fi\/fi\/wp-json\/wp\/v2\/tribe_events\/946","targetHints":{"allow":["GET"]}}],"collection":[{"href":"https:\/\/trailfun.fi\/fi\/wp-json\/wp\/v2\/tribe_events"}],"about":[{"href":"https:\/\/trailfun.fi\/fi\/wp-json\/wp\/v2\/types\/tribe_events"}],"author":[{"embeddable":true,"href":"https:\/\/trailfun.fi\/fi\/wp-json\/wp\/v2\/users\/7"}],"version-history":[{"count":6,"href":"https:\/\/trailfun.fi\/fi\/wp-json\/wp\/v2\/tribe_events\/946\/revisions"}],"predecessor-version":[{"id":6740,"href":"https:\/\/trailfun.fi\/fi\/wp-json\/wp\/v2\/tribe_events\/946\/revisions\/6740"}],"wp:featuredmedia":[{"embeddable":true,"href":"https:\/\/trailfun.fi\/fi\/wp-json\/wp\/v2\/media\/934"}],"wp:attachment":[{"href":"https:\/\/trailfun.fi\/fi\/wp-json\/wp\/v2\/media?parent=946"}],"wp:term":[{"taxonomy":"post_tag","embeddable":true,"href":"https:\/\/trailfun.fi\/fi\/wp-json\/wp\/v2\/tags?post=946"},{"taxonomy":"tribe_events_cat","embeddable":true,"href":"https:\/\/trailfun.fi\/fi\/wp-json\/wp\/v2\/tribe_events_cat?post=946"}],"curies":[{"name":"wp","href":"https:\/\/api.w.org\/{rel}","templated":true}]}}